{"id":4129,"date":"2024-11-22T19:37:41","date_gmt":"2024-11-22T18:37:41","guid":{"rendered":"http:\/\/www.cecilebonardi.com\/coach-vocal\/?page_id=4129"},"modified":"2026-01-02T16:50:42","modified_gmt":"2026-01-02T15:50:42","slug":"ecoles-conservatoire-musiques-actuelles","status":"publish","type":"page","link":"http:\/\/www.cecilebonardi.com\/coach-vocal\/ecoles-conservatoire-musiques-actuelles\/","title":{"rendered":"Enseignement"},"content":{"rendered":"<blockquote>\n<h4 style=\"text-align: center;\"><strong>Professeure de chant dans le d\u00e9partement des Musiques Actuelles<br \/>\n<\/strong><strong>Au conservatoire de Gennevilliers (92)<\/strong><\/h4>\n<\/blockquote>\n<p><strong><img decoding=\"async\" loading=\"lazy\" class=\"wp-image-4342 alignleft\" src=\"http:\/\/www.cecilebonardi.com\/coach-vocal\/wp-content\/uploads\/2026\/01\/64b688de-04f3-4e9e-b97c-edd630ca993d-250x250.jpg\" alt=\"conservatoire d'Edgar var\u00e8se \" width=\"274\" height=\"274\" \/>Enseignemente pour le chant musiques actuelles:<\/strong>\u00a01er, 2\u00e8me et 3\u00e8me cycle jusqu&rsquo;au DEM et CEM.<br \/>\nAccompagnement sur les projets musicaux personnels.<br \/>\n<strong>Contenu des cours<\/strong> :Technique vocale, Travail sur le r\u00e9pertoire des musiques actuelles, Interpr\u00e9tation, musicalit\u00e9 par rapport aux esth\u00e9tismes demand\u00e9s.<\/p>\n<p>&nbsp;<\/p>\n<hr style=\"border-bottom: 1px solid #999; border-top:0 none transparent; border-left:0 none transparent; border-right:0 none transparent; height: 1px; margin-bottom: 20px; padding-top: 20px; width: 100%; clear:both;\">\n<blockquote>\n<h4 style=\"text-align: center;\"><strong>Professeure de chant\u00a0<\/strong><strong>pour la voix parl\u00e9e et chant\u00e9e <\/strong><\/h4>\n<h4 style=\"text-align: center;\"><strong>des com\u00e9diens et de com\u00e9diennes\u00a0<\/strong><\/h4>\n<\/blockquote>\n<p>Travail de la voix parl\u00e9e \u00e0 la voix chant\u00e9e:<br \/>\nDans un premier temps le travail commence toujours par des \u00e9chauffements vocaux, bas\u00e9s sur la respiration, les r\u00e9sonances, etc.<br \/>\nPuis on applique la technique vocales sur des textes pour apprendre \u00e0 placer sa voix parl\u00e9e de fa\u00e7on \u00e0 ce que le texte soir compr\u00e9hensible\u00a0dans l&rsquo;endurance et le confort vocal.<br \/>\nDans un deuxi\u00e8me temps, \u00a0on travaille la voix chant\u00e9e, en appliquant la technique vocale sur les titres de musiques actuelles avec sono et micro. Ce travail permets aux actrices et aux acteurs de d\u00e9couvrir leur voix parl\u00e9e et chant\u00e9e, \u00a0afin de pouvoir la maitriser.<\/p>\n<p><a href=\"https:\/\/www.eicar.fr\">L&rsquo;\u00e9cole de Cin\u00e9ma EICAR \u00e0 Paris \u00a0<\/a><br \/>\n<a href=\"https:\/\/www.eicar.fr\"><img decoding=\"async\" loading=\"lazy\" class=\"alignleft size-carre wp-image-4238\" src=\"http:\/\/www.cecilebonardi.com\/coach-vocal\/wp-content\/uploads\/2024\/12\/IMG_1743-250x250.jpg\" alt=\"campus EICAR Paris\" width=\"250\" height=\"250\" \/><\/a><\/p>\n<div><\/div>\n<div><\/div>\n<div><\/div>\n<div><\/div>\n<p>&nbsp;<\/p>\n<p>&nbsp;<\/p>\n<hr style=\"border-bottom: 1px solid #999; border-top:0 none transparent; border-left:0 none transparent; border-right:0 none transparent; height: 1px; margin-bottom: 20px; padding-top: 20px; width: 100%; clear:both;\">\n<p><a href=\"https:\/\/actinglinestudio.com\/insertion-professionnelle\/modules-optionnels\/\">\u00a0Acting Line Studio Gen\u00e8ve et Lausanne<\/a><br \/>\n<a href=\"https:\/\/actinglinestudio.com\/insertion-professionnelle\/modules-optionnels\/\"><img decoding=\"async\" loading=\"lazy\" class=\"alignleft size-carre wp-image-4239\" src=\"http:\/\/www.cecilebonardi.com\/coach-vocal\/wp-content\/uploads\/2024\/12\/IMG_1744-250x250.jpg\" alt=\"acting line studio\" width=\"250\" height=\"250\" \/><\/a><\/p>\n<p>&nbsp;<\/p>\n<p>&nbsp;<\/p>\n<div><\/div>\n<div><\/div>\n<div><\/div>\n<div><hr style=\"border-bottom: 1px solid #999; border-top:0 none transparent; border-left:0 none transparent; border-right:0 none transparent; height: 1px; margin-bottom: 20px; padding-top: 20px; width: 100%; clear:both;\"><\/div>\n<div><\/div>\n<div><\/div>\n<blockquote>\n<h4 style=\"text-align: center;\"><strong>Formatrice pour le cursus DE de chant<\/strong><\/h4>\n<p style=\"text-align: center;\"><strong>\u00a0<\/strong><strong>( didactique sp\u00e9cialis\u00e9e)\u00a0<\/strong><strong>pour les musiques actuelles amplifi\u00e9es <\/strong><strong>au Pole Sup 93<\/strong><\/p>\n<\/blockquote>\n<hr style=\"border-bottom: 1px solid #999; border-top:0 none transparent; border-left:0 none transparent; border-right:0 none transparent; height: 1px; margin-bottom: 20px; padding-top: 20px; width: 100%; clear:both;\">\n<blockquote>\n<h4 style=\"text-align: center;\"><strong>jury<\/strong><\/h4>\n<p style=\"text-align: center;\"><strong>pour la formation des stagiaires d\u00e9sirant obtenir leur DE\u00a0<\/strong><\/p>\n<p style=\"text-align: center;\"><strong>(dipl\u00f4me d&rsquo;\u00e9tat de professeur de musiques actuelles \u00ab\u00a0option chant\u00a0\u00bb).<\/strong><\/p>\n<\/blockquote>\n<h4 style=\"text-align: center;\">.<\/h4>\n","protected":false},"excerpt":{"rendered":"<p>Professeure de chant dans le d\u00e9partement des Musiques Actuelles Au conservatoire de Gennevilliers (92) Enseignemente pour le chant musiques actuelles:\u00a01er, 2\u00e8me et 3\u00e8me cycle jusqu&rsquo;au DEM et CEM. Accompagnement sur les projets musicaux personnels. Contenu des cours :Technique vocale, Travail sur le r\u00e9pertoire des musiques actuelles, Interpr\u00e9tation, musicalit\u00e9 par rapport aux esth\u00e9tismes demand\u00e9s. &nbsp; Professeure [&hellip;]<\/p>\n","protected":false},"author":1,"featured_media":0,"parent":0,"menu_order":0,"comment_status":"closed","ping_status":"closed","template":"","meta":{"_et_pb_use_builder":"","_et_pb_old_content":"","_et_gb_content_width":""},"_links":{"self":[{"href":"http:\/\/www.cecilebonardi.com\/coach-vocal\/wp-json\/wp\/v2\/pages\/4129"}],"collection":[{"href":"http:\/\/www.cecilebonardi.com\/coach-vocal\/wp-json\/wp\/v2\/pages"}],"about":[{"href":"http:\/\/www.cecilebonardi.com\/coach-vocal\/wp-json\/wp\/v2\/types\/page"}],"author":[{"embeddable":true,"href":"http:\/\/www.cecilebonardi.com\/coach-vocal\/wp-json\/wp\/v2\/users\/1"}],"replies":[{"embeddable":true,"href":"http:\/\/www.cecilebonardi.com\/coach-vocal\/wp-json\/wp\/v2\/comments?post=4129"}],"version-history":[{"count":29,"href":"http:\/\/www.cecilebonardi.com\/coach-vocal\/wp-json\/wp\/v2\/pages\/4129\/revisions"}],"predecessor-version":[{"id":4344,"href":"http:\/\/www.cecilebonardi.com\/coach-vocal\/wp-json\/wp\/v2\/pages\/4129\/revisions\/4344"}],"wp:attachment":[{"href":"http:\/\/www.cecilebonardi.com\/coach-vocal\/wp-json\/wp\/v2\/media?parent=4129"}],"curies":[{"name":"wp","href":"https:\/\/api.w.org\/{rel}","templated":true}]}}